{"id":8652,"date":"2025-08-27T13:27:31","date_gmt":"2025-08-27T11:27:31","guid":{"rendered":"https:\/\/www.fvdwpartijhandel.nl\/product\/speiseteller-porzellan-26-cm-2er-set-no-sales-deutschlandoesterreichschweiz\/"},"modified":"2025-08-27T13:27:31","modified_gmt":"2025-08-27T11:27:31","slug":"speiseteller-porzellan-26-cm-2er-set-no-sales-deutschlandoesterreichschweiz","status":"publish","type":"product","link":"https:\/\/www.fvdwpartijhandel.nl\/de\/product\/speiseteller-porzellan-26-cm-2er-set-no-sales-deutschlandoesterreichschweiz\/","title":{"rendered":"Speiseteller Porzellan 26 cm 2er Set ( No sales Deutschland,\u00d6sterreich,Schweiz )"},"content":{"rendered":"<p>Entdecken Sie die zeitlose Eleganz von Kahla Porzellan mit diesem 26 cm gro\u00dfen Essteller. Dieser langlebige Teller verbindet Tradition mit modernem Design und ist perfekt f\u00fcr den t\u00e4glichen Gebrauch und besondere Anl\u00e4sse. Der Teller hat subtile Rillen f\u00fcr einen eleganten Look und ein flaches Profil, das jedes Gericht sch\u00f6n pr\u00e4sentiert. Dieser Teller ist sp\u00fclmaschinen- und mikrowellenfest und damit eine luxuri\u00f6se Erg\u00e4nzung f\u00fcr jedes Tafelservice.   <\/p>\n<p>Ma\u00dfe: 26 x 26 x 2 cm<\/p>\n","protected":false},"excerpt":{"rendered":"<p>Entdecken Sie die zeitlose Eleganz von Kahla Porzellan mit diesem 26 cm gro\u00dfen Essteller. Dieser langlebige Teller verbindet Tradition mit modernem Design und ist perfekt f\u00fcr den t\u00e4glichen Gebrauch und besondere Anl\u00e4sse. Der Teller hat subtile Rillen f\u00fcr einen eleganten Look und ein flaches Profil, das jedes Gericht sch\u00f6n pr\u00e4sentiert. Dieser Teller ist sp\u00fclmaschinen- und [&hellip;]<\/p>\n","protected":false},"featured_media":8654,"template":"","meta":{"_acf_changed":false},"product_brand":[],"product_cat":[57],"product_tag":[],"class_list":{"0":"post-8652","1":"product","2":"type-product","3":"status-publish","4":"has-post-thumbnail","6":"product_cat-haushalt-kochen","8":"first","9":"instock","10":"shipping-taxable","11":"product-type-simple"},"acf":[],"yoast_head":"<!-- This site is optimized with the Yoast SEO plugin v27.5 - https:\/\/yoast.com\/product\/yoast-seo-wordpress\/ -->\n<title>Speiseteller Porzellan 26 cm 2er Set ( No sales Deutschland,\u00d6sterreich,Schweiz ) - Frank van de Wijgert partijhandel<\/title>\n<meta name=\"robots\" content=\"index, follow, max-snippet:-1, max-image-preview:large, max-video-preview:-1\" \/>\n<link rel=\"canonical\" href=\"https:\/\/www.fvdwpartijhandel.nl\/de\/product\/speiseteller-porzellan-26-cm-2er-set-no-sales-deutschlandoesterreichschweiz\/\" \/>\n<meta property=\"og:locale\" content=\"de_DE\" \/>\n<meta property=\"og:type\" content=\"article\" \/>\n<meta property=\"og:title\" content=\"Speiseteller Porzellan 26 cm 2er Set ( No sales Deutschland,\u00d6sterreich,Schweiz ) - Frank van de Wijgert partijhandel\" \/>\n<meta property=\"og:description\" content=\"Entdecken Sie die zeitlose Eleganz von Kahla Porzellan mit diesem 26 cm gro\u00dfen Essteller. Dieser langlebige Teller verbindet Tradition mit modernem Design und ist perfekt f\u00fcr den t\u00e4glichen Gebrauch und besondere Anl\u00e4sse. Der Teller hat subtile Rillen f\u00fcr einen eleganten Look und ein flaches Profil, das jedes Gericht sch\u00f6n pr\u00e4sentiert. Dieser Teller ist sp\u00fclmaschinen- und [&hellip;]\" \/>\n<meta property=\"og:url\" content=\"https:\/\/www.fvdwpartijhandel.nl\/de\/product\/speiseteller-porzellan-26-cm-2er-set-no-sales-deutschlandoesterreichschweiz\/\" \/>\n<meta property=\"og:site_name\" content=\"Frank van de Wijgert partijhandel\" \/>\n<meta property=\"og:image\" content=\"https:\/\/www.fvdwpartijhandel.nl\/wp-content\/uploads\/2025\/08\/115772.jpg\" \/>\n\t<meta property=\"og:image:width\" content=\"500\" \/>\n\t<meta property=\"og:image:height\" content=\"500\" \/>\n\t<meta property=\"og:image:type\" content=\"image\/jpeg\" \/>\n<meta name=\"twitter:card\" content=\"summary_large_image\" \/>\n<script type=\"application\/ld+json\" class=\"yoast-schema-graph\">{\"@context\":\"https:\\\/\\\/schema.org\",\"@graph\":[{\"@type\":\"WebPage\",\"@id\":\"https:\\\/\\\/www.fvdwpartijhandel.nl\\\/de\\\/product\\\/speiseteller-porzellan-26-cm-2er-set-no-sales-deutschlandoesterreichschweiz\\\/\",\"url\":\"https:\\\/\\\/www.fvdwpartijhandel.nl\\\/de\\\/product\\\/speiseteller-porzellan-26-cm-2er-set-no-sales-deutschlandoesterreichschweiz\\\/\",\"name\":\"Speiseteller Porzellan 26 cm 2er Set ( No sales Deutschland,\u00d6sterreich,Schweiz ) - Frank van de Wijgert partijhandel\",\"isPartOf\":{\"@id\":\"https:\\\/\\\/www.fvdwpartijhandel.nl\\\/de\\\/#website\"},\"primaryImageOfPage\":{\"@id\":\"https:\\\/\\\/www.fvdwpartijhandel.nl\\\/de\\\/product\\\/speiseteller-porzellan-26-cm-2er-set-no-sales-deutschlandoesterreichschweiz\\\/#primaryimage\"},\"image\":{\"@id\":\"https:\\\/\\\/www.fvdwpartijhandel.nl\\\/de\\\/product\\\/speiseteller-porzellan-26-cm-2er-set-no-sales-deutschlandoesterreichschweiz\\\/#primaryimage\"},\"thumbnailUrl\":\"https:\\\/\\\/www.fvdwpartijhandel.nl\\\/wp-content\\\/uploads\\\/2025\\\/08\\\/115772.jpg\",\"datePublished\":\"2025-08-27T11:27:31+00:00\",\"breadcrumb\":{\"@id\":\"https:\\\/\\\/www.fvdwpartijhandel.nl\\\/de\\\/product\\\/speiseteller-porzellan-26-cm-2er-set-no-sales-deutschlandoesterreichschweiz\\\/#breadcrumb\"},\"inLanguage\":\"de\",\"potentialAction\":[{\"@type\":\"ReadAction\",\"target\":[\"https:\\\/\\\/www.fvdwpartijhandel.nl\\\/de\\\/product\\\/speiseteller-porzellan-26-cm-2er-set-no-sales-deutschlandoesterreichschweiz\\\/\"]}]},{\"@type\":\"ImageObject\",\"inLanguage\":\"de\",\"@id\":\"https:\\\/\\\/www.fvdwpartijhandel.nl\\\/de\\\/product\\\/speiseteller-porzellan-26-cm-2er-set-no-sales-deutschlandoesterreichschweiz\\\/#primaryimage\",\"url\":\"https:\\\/\\\/www.fvdwpartijhandel.nl\\\/wp-content\\\/uploads\\\/2025\\\/08\\\/115772.jpg\",\"contentUrl\":\"https:\\\/\\\/www.fvdwpartijhandel.nl\\\/wp-content\\\/uploads\\\/2025\\\/08\\\/115772.jpg\",\"width\":500,\"height\":500},{\"@type\":\"BreadcrumbList\",\"@id\":\"https:\\\/\\\/www.fvdwpartijhandel.nl\\\/de\\\/product\\\/speiseteller-porzellan-26-cm-2er-set-no-sales-deutschlandoesterreichschweiz\\\/#breadcrumb\",\"itemListElement\":[{\"@type\":\"ListItem\",\"position\":1,\"name\":\"Startseite\",\"item\":\"https:\\\/\\\/www.fvdwpartijhandel.nl\\\/de\\\/startseite\\\/\"},{\"@type\":\"ListItem\",\"position\":2,\"name\":\"Shop\",\"item\":\"https:\\\/\\\/www.fvdwpartijhandel.nl\\\/de\\\/shop\\\/\"},{\"@type\":\"ListItem\",\"position\":3,\"name\":\"Speiseteller Porzellan 26 cm 2er Set ( No sales Deutschland,\u00d6sterreich,Schweiz )\"}]},{\"@type\":\"WebSite\",\"@id\":\"https:\\\/\\\/www.fvdwpartijhandel.nl\\\/de\\\/#website\",\"url\":\"https:\\\/\\\/www.fvdwpartijhandel.nl\\\/de\\\/\",\"name\":\"Frank van de Wijgert partijhandel\",\"description\":\"Al 10 jaar actief in de verkoop van restpartijen\",\"publisher\":{\"@id\":\"https:\\\/\\\/www.fvdwpartijhandel.nl\\\/de\\\/#organization\"},\"potentialAction\":[{\"@type\":\"SearchAction\",\"target\":{\"@type\":\"EntryPoint\",\"urlTemplate\":\"https:\\\/\\\/www.fvdwpartijhandel.nl\\\/de\\\/?s={search_term_string}\"},\"query-input\":{\"@type\":\"PropertyValueSpecification\",\"valueRequired\":true,\"valueName\":\"search_term_string\"}}],\"inLanguage\":\"de\"},{\"@type\":\"Organization\",\"@id\":\"https:\\\/\\\/www.fvdwpartijhandel.nl\\\/de\\\/#organization\",\"name\":\"Frank van de Wijgert partijhandel\",\"url\":\"https:\\\/\\\/www.fvdwpartijhandel.nl\\\/de\\\/\",\"logo\":{\"@type\":\"ImageObject\",\"inLanguage\":\"de\",\"@id\":\"https:\\\/\\\/www.fvdwpartijhandel.nl\\\/de\\\/#\\\/schema\\\/logo\\\/image\\\/\",\"url\":\"https:\\\/\\\/www.fvdwpartijhandel.nl\\\/wp-content\\\/uploads\\\/2025\\\/08\\\/Logo-Frank-van-de-Wijgert-nieuw-1.svg\",\"contentUrl\":\"https:\\\/\\\/www.fvdwpartijhandel.nl\\\/wp-content\\\/uploads\\\/2025\\\/08\\\/Logo-Frank-van-de-Wijgert-nieuw-1.svg\",\"width\":400,\"height\":57,\"caption\":\"Frank van de Wijgert partijhandel\"},\"image\":{\"@id\":\"https:\\\/\\\/www.fvdwpartijhandel.nl\\\/de\\\/#\\\/schema\\\/logo\\\/image\\\/\"}}]}<\/script>\n<!-- \/ Yoast SEO plugin. -->","yoast_head_json":{"title":"Speiseteller Porzellan 26 cm 2er Set ( No sales Deutschland,\u00d6sterreich,Schweiz ) - Frank van de Wijgert partijhandel","robots":{"index":"index","follow":"follow","max-snippet":"max-snippet:-1","max-image-preview":"max-image-preview:large","max-video-preview":"max-video-preview:-1"},"canonical":"https:\/\/www.fvdwpartijhandel.nl\/de\/product\/speiseteller-porzellan-26-cm-2er-set-no-sales-deutschlandoesterreichschweiz\/","og_locale":"de_DE","og_type":"article","og_title":"Speiseteller Porzellan 26 cm 2er Set ( No sales Deutschland,\u00d6sterreich,Schweiz ) - Frank van de Wijgert partijhandel","og_description":"Entdecken Sie die zeitlose Eleganz von Kahla Porzellan mit diesem 26 cm gro\u00dfen Essteller. Dieser langlebige Teller verbindet Tradition mit modernem Design und ist perfekt f\u00fcr den t\u00e4glichen Gebrauch und besondere Anl\u00e4sse. Der Teller hat subtile Rillen f\u00fcr einen eleganten Look und ein flaches Profil, das jedes Gericht sch\u00f6n pr\u00e4sentiert. Dieser Teller ist sp\u00fclmaschinen- und [&hellip;]","og_url":"https:\/\/www.fvdwpartijhandel.nl\/de\/product\/speiseteller-porzellan-26-cm-2er-set-no-sales-deutschlandoesterreichschweiz\/","og_site_name":"Frank van de Wijgert partijhandel","og_image":[{"width":500,"height":500,"url":"https:\/\/www.fvdwpartijhandel.nl\/wp-content\/uploads\/2025\/08\/115772.jpg","type":"image\/jpeg"}],"twitter_card":"summary_large_image","schema":{"@context":"https:\/\/schema.org","@graph":[{"@type":"WebPage","@id":"https:\/\/www.fvdwpartijhandel.nl\/de\/product\/speiseteller-porzellan-26-cm-2er-set-no-sales-deutschlandoesterreichschweiz\/","url":"https:\/\/www.fvdwpartijhandel.nl\/de\/product\/speiseteller-porzellan-26-cm-2er-set-no-sales-deutschlandoesterreichschweiz\/","name":"Speiseteller Porzellan 26 cm 2er Set ( No sales Deutschland,\u00d6sterreich,Schweiz ) - Frank van de Wijgert partijhandel","isPartOf":{"@id":"https:\/\/www.fvdwpartijhandel.nl\/de\/#website"},"primaryImageOfPage":{"@id":"https:\/\/www.fvdwpartijhandel.nl\/de\/product\/speiseteller-porzellan-26-cm-2er-set-no-sales-deutschlandoesterreichschweiz\/#primaryimage"},"image":{"@id":"https:\/\/www.fvdwpartijhandel.nl\/de\/product\/speiseteller-porzellan-26-cm-2er-set-no-sales-deutschlandoesterreichschweiz\/#primaryimage"},"thumbnailUrl":"https:\/\/www.fvdwpartijhandel.nl\/wp-content\/uploads\/2025\/08\/115772.jpg","datePublished":"2025-08-27T11:27:31+00:00","breadcrumb":{"@id":"https:\/\/www.fvdwpartijhandel.nl\/de\/product\/speiseteller-porzellan-26-cm-2er-set-no-sales-deutschlandoesterreichschweiz\/#breadcrumb"},"inLanguage":"de","potentialAction":[{"@type":"ReadAction","target":["https:\/\/www.fvdwpartijhandel.nl\/de\/product\/speiseteller-porzellan-26-cm-2er-set-no-sales-deutschlandoesterreichschweiz\/"]}]},{"@type":"ImageObject","inLanguage":"de","@id":"https:\/\/www.fvdwpartijhandel.nl\/de\/product\/speiseteller-porzellan-26-cm-2er-set-no-sales-deutschlandoesterreichschweiz\/#primaryimage","url":"https:\/\/www.fvdwpartijhandel.nl\/wp-content\/uploads\/2025\/08\/115772.jpg","contentUrl":"https:\/\/www.fvdwpartijhandel.nl\/wp-content\/uploads\/2025\/08\/115772.jpg","width":500,"height":500},{"@type":"BreadcrumbList","@id":"https:\/\/www.fvdwpartijhandel.nl\/de\/product\/speiseteller-porzellan-26-cm-2er-set-no-sales-deutschlandoesterreichschweiz\/#breadcrumb","itemListElement":[{"@type":"ListItem","position":1,"name":"Startseite","item":"https:\/\/www.fvdwpartijhandel.nl\/de\/startseite\/"},{"@type":"ListItem","position":2,"name":"Shop","item":"https:\/\/www.fvdwpartijhandel.nl\/de\/shop\/"},{"@type":"ListItem","position":3,"name":"Speiseteller Porzellan 26 cm 2er Set ( No sales Deutschland,\u00d6sterreich,Schweiz )"}]},{"@type":"WebSite","@id":"https:\/\/www.fvdwpartijhandel.nl\/de\/#website","url":"https:\/\/www.fvdwpartijhandel.nl\/de\/","name":"Frank van de Wijgert partijhandel","description":"Al 10 jaar actief in de verkoop van restpartijen","publisher":{"@id":"https:\/\/www.fvdwpartijhandel.nl\/de\/#organization"},"potentialAction":[{"@type":"SearchAction","target":{"@type":"EntryPoint","urlTemplate":"https:\/\/www.fvdwpartijhandel.nl\/de\/?s={search_term_string}"},"query-input":{"@type":"PropertyValueSpecification","valueRequired":true,"valueName":"search_term_string"}}],"inLanguage":"de"},{"@type":"Organization","@id":"https:\/\/www.fvdwpartijhandel.nl\/de\/#organization","name":"Frank van de Wijgert partijhandel","url":"https:\/\/www.fvdwpartijhandel.nl\/de\/","logo":{"@type":"ImageObject","inLanguage":"de","@id":"https:\/\/www.fvdwpartijhandel.nl\/de\/#\/schema\/logo\/image\/","url":"https:\/\/www.fvdwpartijhandel.nl\/wp-content\/uploads\/2025\/08\/Logo-Frank-van-de-Wijgert-nieuw-1.svg","contentUrl":"https:\/\/www.fvdwpartijhandel.nl\/wp-content\/uploads\/2025\/08\/Logo-Frank-van-de-Wijgert-nieuw-1.svg","width":400,"height":57,"caption":"Frank van de Wijgert partijhandel"},"image":{"@id":"https:\/\/www.fvdwpartijhandel.nl\/de\/#\/schema\/logo\/image\/"}}]}},"_links":{"self":[{"href":"https:\/\/www.fvdwpartijhandel.nl\/de\/wp-json\/wp\/v2\/product\/8652","targetHints":{"allow":["GET"]}}],"collection":[{"href":"https:\/\/www.fvdwpartijhandel.nl\/de\/wp-json\/wp\/v2\/product"}],"about":[{"href":"https:\/\/www.fvdwpartijhandel.nl\/de\/wp-json\/wp\/v2\/types\/product"}],"wp:featuredmedia":[{"embeddable":true,"href":"https:\/\/www.fvdwpartijhandel.nl\/de\/wp-json\/wp\/v2\/media\/8654"}],"wp:attachment":[{"href":"https:\/\/www.fvdwpartijhandel.nl\/de\/wp-json\/wp\/v2\/media?parent=8652"}],"wp:term":[{"taxonomy":"product_brand","embeddable":true,"href":"https:\/\/www.fvdwpartijhandel.nl\/de\/wp-json\/wp\/v2\/product_brand?post=8652"},{"taxonomy":"product_cat","embeddable":true,"href":"https:\/\/www.fvdwpartijhandel.nl\/de\/wp-json\/wp\/v2\/product_cat?post=8652"},{"taxonomy":"product_tag","embeddable":true,"href":"https:\/\/www.fvdwpartijhandel.nl\/de\/wp-json\/wp\/v2\/product_tag?post=8652"}],"curies":[{"name":"wp","href":"https:\/\/api.w.org\/{rel}","templated":true}]}}